{"id":2655,"date":"2025-04-14T07:58:13","date_gmt":"2025-04-14T07:58:13","guid":{"rendered":"https:\/\/indice.ro\/?page_id=2655"},"modified":"2025-04-14T08:10:36","modified_gmt":"2025-04-14T08:10:36","slug":"promovarea-egalitatii-de-gen-si-a-incluziunii-in-cadrul-activitatii-de-formare-profesionala-continua","status":"publish","type":"page","link":"https:\/\/indice.ro\/index.php\/promovarea-egalitatii-de-gen-si-a-incluziunii-in-cadrul-activitatii-de-formare-profesionala-continua\/","title":{"rendered":"Promovarea egalit\u0103\u021bii de gen \u0219i a incluziunii \u00een cadrul activit\u0103\u021bii de formare profesional\u0103 continu\u0103"},"content":{"rendered":"\n<div class=\"wp-block-media-text is-stacked-on-mobile gutenify-section-16355ee0-1906-11f0-b8ba-8100b5492456\" style=\"grid-template-columns:37% auto\"><figure class=\"wp-block-media-text__media\"><img fetchpriority=\"high\" decoding=\"async\" width=\"504\" height=\"346\" src=\"https:\/\/indice.ro\/wp-content\/uploads\/2025\/04\/image-3.png\" alt=\"\" class=\"wp-image-2656 size-full\" srcset=\"https:\/\/indice.ro\/wp-content\/uploads\/2025\/04\/image-3.png 504w, https:\/\/indice.ro\/wp-content\/uploads\/2025\/04\/image-3-300x206.png 300w\" sizes=\"(max-width: 504px) 100vw, 504px\" \/><\/figure><div class=\"wp-block-media-text__content\">\n<p class=\"gutenify-section-163d4e20-1906-11f0-b8ba-8100b5492456\">\u00cen cadrul proiectului <em>\u201eAvans \u00een Carier\u0103: Promovarea \u00eenv\u0103\u021b\u0103rii pe tot parcursul vie\u021bii\u201d<\/em>, activitatea de formare profesional\u0103 continu\u0103 (FPC) este conceput\u0103 \u0219i implementat\u0103 \u00een deplin\u0103 concordan\u021b\u0103 cu principiile egalit\u0103\u021bii de \u0219anse, egalit\u0103\u021bii de gen \u0219i nediscrimin\u0103rii.<\/p>\n<\/div><\/div>\n\n\n\n<p class=\"gutenify-section-08e997b0-1906-11f0-b8ba-8100b5492456\">Urm\u0103rim ca fiecare participant s\u0103 aib\u0103 acces egal la con\u021binuturi educa\u021bionale relevante, indiferent de gen, dizabilitate sau alte criterii poten\u021bial discriminatorii.<\/p>\n\n\n\n<p class=\"gutenify-section-260e87b0-1906-11f0-b8ba-8100b5492456\"><strong>M\u0103suri concrete implementate \u00een activitatea de formare:<\/strong><\/p>\n\n\n\n<ul class=\"wp-block-list gutenify-section-26127f50-1906-11f0-b8ba-8100b5492456\">\n<li class=\"gutenify-section-260f23f0-1906-11f0-b8ba-8100b5492456\">Acces liber \u0219i nediscriminatoriu la FPC: toate persoanele eligibile au acces egal la \u00eenscriere, selec\u021bie \u0219i participare \u00een cadrul programelor de formare organizate prin proiect.<\/li>\n\n\n\n<li class=\"gutenify-section-260f7210-1906-11f0-b8ba-8100b5492456\">Materiale didactice care reflect\u0103 principiile egalit\u0103\u021bii de gen: \u00een cadrul programelor de formare, dezvolt\u0103m \u0219i utiliz\u0103m suporturi educa\u021bionale care includ teme dedicate egalit\u0103\u021bii de gen, contribuind la formarea unei culturi organiza\u021bionale incluzive.<\/li>\n\n\n\n<li class=\"gutenify-section-260fc030-1906-11f0-b8ba-8100b5492456\">Adaptarea form\u0103rii la nevoile femeilor \u0219i b\u0103rba\u021bilor: con\u021binutul \u0219i modul de livrare a sesiunilor de formare \u021bin cont de particularit\u0103\u021bile \u0219i nevoile diferitelor categorii de participan\u021bi.<\/li>\n\n\n\n<li class=\"gutenify-section-26103560-1906-11f0-b8ba-8100b5492456\">Cre\u0219terea nivelului de con\u0219tientizare privind egalitatea de gen \u0219i incluziunea social\u0103: \u00een cadrul sesiunilor de formare, se abordeaz\u0103 teme ce vizeaz\u0103 combaterea stereotipurilor, prevenirea discrimin\u0103rii \u0219i promovarea echit\u0103\u021bii la locul de munc\u0103.<\/li>\n\n\n\n<li class=\"gutenify-section-26111fc0-1906-11f0-b8ba-8100b5492456\">Accesibilitate pentru persoanele cu dizabilit\u0103\u021bi: ne asigur\u0103m c\u0103 spa\u021biile de formare \u0219i instrumentele de comunicare sunt adaptate pentru a fi accesibile tuturor participan\u021bilor, inclusiv celor cu dizabilit\u0103\u021bi.<\/li>\n\n\n\n<li class=\"gutenify-section-26120a20-1906-11f0-b8ba-8100b5492456\">Promovarea particip\u0103rii active: \u00eencuraj\u0103m implicarea activ\u0103 a tuturor participan\u021bilor, inclusiv a celor provenind din grupuri vulnerabile, pentru a le oferi \u0219anse egale de dezvoltare personal\u0103 \u0219i profesional\u0103.<\/li>\n<\/ul>\n\n\n\n<p class=\"gutenify-section-2612f480-1906-11f0-b8ba-8100b5492456\">Cursul <strong>\u201eMunca \u00een echip\u0103 \u00een era digital\u0103\u201d<\/strong>, organizat de Partenerul 1 \u2013 Indice Consulting and Management, este conceput ca un spa\u021biu de \u00eenv\u0103\u021bare colaborativ, \u00een care accentul este pus nu doar pe abilit\u0103\u021bile digitale \u0219i de comunicare \u00een echip\u0103, ci \u0219i pe dezvoltarea unei culturi organiza\u021bionale bazate pe diversitate \u0219i incluziune.<\/p>\n\n\n\n<p class=\"gutenify-section-261342a0-1906-11f0-b8ba-8100b5492456\">Activitatea de formare joac\u0103 un rol esen\u021bial \u00een construirea unui mediu de lucru incluziv, echitabil \u0219i deschis c\u0103tre diversitate. Prin intermediul cursurilor organizate, nu doar c\u0103 oferim competen\u021be utile pentru carier\u0103, ci contribuim activ la schimbarea de mentalit\u0103\u021bi, la crearea unei culturi a respectului \u0219i la dezvoltarea unei societ\u0103\u021bi \u00een care nimeni nu este l\u0103sat \u00een urm\u0103.<\/p>\n\n\n\n<p class=\"gutenify-section-2613dee0-1906-11f0-b8ba-8100b5492456\">Martie 2025<\/p>\n\n\n\n<p class=\"gutenify-section-32f09090-1906-11f0-b8ba-8100b5492456\"><\/p>\n\n\n\n<p class=\"gutenify-section-ed4f7b80-1907-11f0-ab5f-8db1b67a8195\"><\/p>\n","protected":false},"excerpt":{"rendered":"<p>\u00cen cadrul proiectului \u201eAvans \u00een Carier\u0103: Promovarea \u00eenv\u0103\u021b\u0103rii pe tot parcursul vie\u021bii\u201d, activitatea de formare profesional\u0103 continu\u0103 (FPC) este conceput\u0103 \u0219i implementat\u0103 \u00een deplin\u0103 concordan\u021b\u0103 cu principiile egalit\u0103\u021bii de \u0219anse, egalit\u0103\u021bii de gen \u0219i nediscrimin\u0103rii. Urm\u0103rim ca fiecare participant s\u0103 aib\u0103 acces egal la con\u021binuturi educa\u021bionale relevante, indiferent de gen, dizabilitate sau alte criterii poten\u021bial [&hellip;]<\/p>\n","protected":false},"author":1,"featured_media":0,"parent":0,"menu_order":0,"comment_status":"closed","ping_status":"closed","template":"","meta":{"gutenify_custom_css":"","gutenify_custom_css_data":"","footnotes":""},"class_list":["post-2655","page","type-page","status-publish","hentry"],"yoast_head":"<!-- This site is optimized with the Yoast SEO plugin v23.5 - https:\/\/yoast.com\/wordpress\/plugins\/seo\/ -->\n<title>Promovarea egalit\u0103\u021bii de gen \u0219i a incluziunii \u00een cadrul activit\u0103\u021bii de formare profesional\u0103 continu\u0103 - Indice Consulting<\/title>\n<meta name=\"robots\" content=\"index, follow, max-snippet:-1, max-image-preview:large, max-video-preview:-1\" \/>\n<link rel=\"canonical\" href=\"https:\/\/indice.ro\/index.php\/promovarea-egalitatii-de-gen-si-a-incluziunii-in-cadrul-activitatii-de-formare-profesionala-continua\/\" \/>\n<meta property=\"og:locale\" content=\"en_US\" \/>\n<meta property=\"og:type\" content=\"article\" \/>\n<meta property=\"og:title\" content=\"Promovarea egalit\u0103\u021bii de gen \u0219i a incluziunii \u00een cadrul activit\u0103\u021bii de formare profesional\u0103 continu\u0103 - Indice Consulting\" \/>\n<meta property=\"og:description\" content=\"\u00cen cadrul proiectului \u201eAvans \u00een Carier\u0103: Promovarea \u00eenv\u0103\u021b\u0103rii pe tot parcursul vie\u021bii\u201d, activitatea de formare profesional\u0103 continu\u0103 (FPC) este conceput\u0103 \u0219i implementat\u0103 \u00een deplin\u0103 concordan\u021b\u0103 cu principiile egalit\u0103\u021bii de \u0219anse, egalit\u0103\u021bii de gen \u0219i nediscrimin\u0103rii. Urm\u0103rim ca fiecare participant s\u0103 aib\u0103 acces egal la con\u021binuturi educa\u021bionale relevante, indiferent de gen, dizabilitate sau alte criterii poten\u021bial [&hellip;]\" \/>\n<meta property=\"og:url\" content=\"https:\/\/indice.ro\/index.php\/promovarea-egalitatii-de-gen-si-a-incluziunii-in-cadrul-activitatii-de-formare-profesionala-continua\/\" \/>\n<meta property=\"og:site_name\" content=\"Indice Consulting\" \/>\n<meta property=\"article:modified_time\" content=\"2025-04-14T08:10:36+00:00\" \/>\n<meta property=\"og:image\" content=\"https:\/\/indice.ro\/wp-content\/uploads\/2025\/04\/image-3.png\" \/>\n<meta name=\"twitter:card\" content=\"summary_large_image\" \/>\n<meta name=\"twitter:label1\" content=\"Est. reading time\" \/>\n\t<meta name=\"twitter:data1\" content=\"2 minutes\" \/>\n<script type=\"application\/ld+json\" class=\"yoast-schema-graph\">{\"@context\":\"https:\/\/schema.org\",\"@graph\":[{\"@type\":\"WebPage\",\"@id\":\"https:\/\/indice.ro\/index.php\/promovarea-egalitatii-de-gen-si-a-incluziunii-in-cadrul-activitatii-de-formare-profesionala-continua\/\",\"url\":\"https:\/\/indice.ro\/index.php\/promovarea-egalitatii-de-gen-si-a-incluziunii-in-cadrul-activitatii-de-formare-profesionala-continua\/\",\"name\":\"Promovarea egalit\u0103\u021bii de gen \u0219i a incluziunii \u00een cadrul activit\u0103\u021bii de formare profesional\u0103 continu\u0103 - Indice Consulting\",\"isPartOf\":{\"@id\":\"https:\/\/indice.ro\/#website\"},\"primaryImageOfPage\":{\"@id\":\"https:\/\/indice.ro\/index.php\/promovarea-egalitatii-de-gen-si-a-incluziunii-in-cadrul-activitatii-de-formare-profesionala-continua\/#primaryimage\"},\"image\":{\"@id\":\"https:\/\/indice.ro\/index.php\/promovarea-egalitatii-de-gen-si-a-incluziunii-in-cadrul-activitatii-de-formare-profesionala-continua\/#primaryimage\"},\"thumbnailUrl\":\"https:\/\/indice.ro\/wp-content\/uploads\/2025\/04\/image-3.png\",\"datePublished\":\"2025-04-14T07:58:13+00:00\",\"dateModified\":\"2025-04-14T08:10:36+00:00\",\"breadcrumb\":{\"@id\":\"https:\/\/indice.ro\/index.php\/promovarea-egalitatii-de-gen-si-a-incluziunii-in-cadrul-activitatii-de-formare-profesionala-continua\/#breadcrumb\"},\"inLanguage\":\"en-US\",\"potentialAction\":[{\"@type\":\"ReadAction\",\"target\":[\"https:\/\/indice.ro\/index.php\/promovarea-egalitatii-de-gen-si-a-incluziunii-in-cadrul-activitatii-de-formare-profesionala-continua\/\"]}]},{\"@type\":\"ImageObject\",\"inLanguage\":\"en-US\",\"@id\":\"https:\/\/indice.ro\/index.php\/promovarea-egalitatii-de-gen-si-a-incluziunii-in-cadrul-activitatii-de-formare-profesionala-continua\/#primaryimage\",\"url\":\"https:\/\/indice.ro\/wp-content\/uploads\/2025\/04\/image-3.png\",\"contentUrl\":\"https:\/\/indice.ro\/wp-content\/uploads\/2025\/04\/image-3.png\",\"width\":504,\"height\":346},{\"@type\":\"BreadcrumbList\",\"@id\":\"https:\/\/indice.ro\/index.php\/promovarea-egalitatii-de-gen-si-a-incluziunii-in-cadrul-activitatii-de-formare-profesionala-continua\/#breadcrumb\",\"itemListElement\":[{\"@type\":\"ListItem\",\"position\":1,\"name\":\"Home\",\"item\":\"https:\/\/indice.ro\/\"},{\"@type\":\"ListItem\",\"position\":2,\"name\":\"Promovarea egalit\u0103\u021bii de gen \u0219i a incluziunii \u00een cadrul activit\u0103\u021bii de formare profesional\u0103 continu\u0103\"}]},{\"@type\":\"WebSite\",\"@id\":\"https:\/\/indice.ro\/#website\",\"url\":\"https:\/\/indice.ro\/\",\"name\":\"Indice Consulting\",\"description\":\"\",\"publisher\":{\"@id\":\"https:\/\/indice.ro\/#organization\"},\"potentialAction\":[{\"@type\":\"SearchAction\",\"target\":{\"@type\":\"EntryPoint\",\"urlTemplate\":\"https:\/\/indice.ro\/?s={search_term_string}\"},\"query-input\":{\"@type\":\"PropertyValueSpecification\",\"valueRequired\":true,\"valueName\":\"search_term_string\"}}],\"inLanguage\":\"en-US\"},{\"@type\":\"Organization\",\"@id\":\"https:\/\/indice.ro\/#organization\",\"name\":\"Indice Consulting\",\"url\":\"https:\/\/indice.ro\/\",\"logo\":{\"@type\":\"ImageObject\",\"inLanguage\":\"en-US\",\"@id\":\"https:\/\/indice.ro\/#\/schema\/logo\/image\/\",\"url\":\"https:\/\/indice.ro\/wp-content\/uploads\/2024\/09\/logo.jpg\",\"contentUrl\":\"https:\/\/indice.ro\/wp-content\/uploads\/2024\/09\/logo.jpg\",\"width\":219,\"height\":116,\"caption\":\"Indice Consulting\"},\"image\":{\"@id\":\"https:\/\/indice.ro\/#\/schema\/logo\/image\/\"}}]}<\/script>\n<!-- \/ Yoast SEO plugin. -->","yoast_head_json":{"title":"Promovarea egalit\u0103\u021bii de gen \u0219i a incluziunii \u00een cadrul activit\u0103\u021bii de formare profesional\u0103 continu\u0103 - Indice Consulting","robots":{"index":"index","follow":"follow","max-snippet":"max-snippet:-1","max-image-preview":"max-image-preview:large","max-video-preview":"max-video-preview:-1"},"canonical":"https:\/\/indice.ro\/index.php\/promovarea-egalitatii-de-gen-si-a-incluziunii-in-cadrul-activitatii-de-formare-profesionala-continua\/","og_locale":"en_US","og_type":"article","og_title":"Promovarea egalit\u0103\u021bii de gen \u0219i a incluziunii \u00een cadrul activit\u0103\u021bii de formare profesional\u0103 continu\u0103 - Indice Consulting","og_description":"\u00cen cadrul proiectului \u201eAvans \u00een Carier\u0103: Promovarea \u00eenv\u0103\u021b\u0103rii pe tot parcursul vie\u021bii\u201d, activitatea de formare profesional\u0103 continu\u0103 (FPC) este conceput\u0103 \u0219i implementat\u0103 \u00een deplin\u0103 concordan\u021b\u0103 cu principiile egalit\u0103\u021bii de \u0219anse, egalit\u0103\u021bii de gen \u0219i nediscrimin\u0103rii. Urm\u0103rim ca fiecare participant s\u0103 aib\u0103 acces egal la con\u021binuturi educa\u021bionale relevante, indiferent de gen, dizabilitate sau alte criterii poten\u021bial [&hellip;]","og_url":"https:\/\/indice.ro\/index.php\/promovarea-egalitatii-de-gen-si-a-incluziunii-in-cadrul-activitatii-de-formare-profesionala-continua\/","og_site_name":"Indice Consulting","article_modified_time":"2025-04-14T08:10:36+00:00","og_image":[{"url":"https:\/\/indice.ro\/wp-content\/uploads\/2025\/04\/image-3.png"}],"twitter_card":"summary_large_image","twitter_misc":{"Est. reading time":"2 minutes"},"schema":{"@context":"https:\/\/schema.org","@graph":[{"@type":"WebPage","@id":"https:\/\/indice.ro\/index.php\/promovarea-egalitatii-de-gen-si-a-incluziunii-in-cadrul-activitatii-de-formare-profesionala-continua\/","url":"https:\/\/indice.ro\/index.php\/promovarea-egalitatii-de-gen-si-a-incluziunii-in-cadrul-activitatii-de-formare-profesionala-continua\/","name":"Promovarea egalit\u0103\u021bii de gen \u0219i a incluziunii \u00een cadrul activit\u0103\u021bii de formare profesional\u0103 continu\u0103 - Indice Consulting","isPartOf":{"@id":"https:\/\/indice.ro\/#website"},"primaryImageOfPage":{"@id":"https:\/\/indice.ro\/index.php\/promovarea-egalitatii-de-gen-si-a-incluziunii-in-cadrul-activitatii-de-formare-profesionala-continua\/#primaryimage"},"image":{"@id":"https:\/\/indice.ro\/index.php\/promovarea-egalitatii-de-gen-si-a-incluziunii-in-cadrul-activitatii-de-formare-profesionala-continua\/#primaryimage"},"thumbnailUrl":"https:\/\/indice.ro\/wp-content\/uploads\/2025\/04\/image-3.png","datePublished":"2025-04-14T07:58:13+00:00","dateModified":"2025-04-14T08:10:36+00:00","breadcrumb":{"@id":"https:\/\/indice.ro\/index.php\/promovarea-egalitatii-de-gen-si-a-incluziunii-in-cadrul-activitatii-de-formare-profesionala-continua\/#breadcrumb"},"inLanguage":"en-US","potentialAction":[{"@type":"ReadAction","target":["https:\/\/indice.ro\/index.php\/promovarea-egalitatii-de-gen-si-a-incluziunii-in-cadrul-activitatii-de-formare-profesionala-continua\/"]}]},{"@type":"ImageObject","inLanguage":"en-US","@id":"https:\/\/indice.ro\/index.php\/promovarea-egalitatii-de-gen-si-a-incluziunii-in-cadrul-activitatii-de-formare-profesionala-continua\/#primaryimage","url":"https:\/\/indice.ro\/wp-content\/uploads\/2025\/04\/image-3.png","contentUrl":"https:\/\/indice.ro\/wp-content\/uploads\/2025\/04\/image-3.png","width":504,"height":346},{"@type":"BreadcrumbList","@id":"https:\/\/indice.ro\/index.php\/promovarea-egalitatii-de-gen-si-a-incluziunii-in-cadrul-activitatii-de-formare-profesionala-continua\/#breadcrumb","itemListElement":[{"@type":"ListItem","position":1,"name":"Home","item":"https:\/\/indice.ro\/"},{"@type":"ListItem","position":2,"name":"Promovarea egalit\u0103\u021bii de gen \u0219i a incluziunii \u00een cadrul activit\u0103\u021bii de formare profesional\u0103 continu\u0103"}]},{"@type":"WebSite","@id":"https:\/\/indice.ro\/#website","url":"https:\/\/indice.ro\/","name":"Indice Consulting","description":"","publisher":{"@id":"https:\/\/indice.ro\/#organization"},"potentialAction":[{"@type":"SearchAction","target":{"@type":"EntryPoint","urlTemplate":"https:\/\/indice.ro\/?s={search_term_string}"},"query-input":{"@type":"PropertyValueSpecification","valueRequired":true,"valueName":"search_term_string"}}],"inLanguage":"en-US"},{"@type":"Organization","@id":"https:\/\/indice.ro\/#organization","name":"Indice Consulting","url":"https:\/\/indice.ro\/","logo":{"@type":"ImageObject","inLanguage":"en-US","@id":"https:\/\/indice.ro\/#\/schema\/logo\/image\/","url":"https:\/\/indice.ro\/wp-content\/uploads\/2024\/09\/logo.jpg","contentUrl":"https:\/\/indice.ro\/wp-content\/uploads\/2024\/09\/logo.jpg","width":219,"height":116,"caption":"Indice Consulting"},"image":{"@id":"https:\/\/indice.ro\/#\/schema\/logo\/image\/"}}]}},"_links":{"self":[{"href":"https:\/\/indice.ro\/index.php\/wp-json\/wp\/v2\/pages\/2655","targetHints":{"allow":["GET"]}}],"collection":[{"href":"https:\/\/indice.ro\/index.php\/wp-json\/wp\/v2\/pages"}],"about":[{"href":"https:\/\/indice.ro\/index.php\/wp-json\/wp\/v2\/types\/page"}],"author":[{"embeddable":true,"href":"https:\/\/indice.ro\/index.php\/wp-json\/wp\/v2\/users\/1"}],"replies":[{"embeddable":true,"href":"https:\/\/indice.ro\/index.php\/wp-json\/wp\/v2\/comments?post=2655"}],"version-history":[{"count":3,"href":"https:\/\/indice.ro\/index.php\/wp-json\/wp\/v2\/pages\/2655\/revisions"}],"predecessor-version":[{"id":2669,"href":"https:\/\/indice.ro\/index.php\/wp-json\/wp\/v2\/pages\/2655\/revisions\/2669"}],"wp:attachment":[{"href":"https:\/\/indice.ro\/index.php\/wp-json\/wp\/v2\/media?parent=2655"}],"curies":[{"name":"wp","href":"https:\/\/api.w.org\/{rel}","templated":true}]}}